{"id":9214,"date":"2025-09-25T08:00:56","date_gmt":"2025-09-25T07:00:56","guid":{"rendered":"https:\/\/bpont.hu\/shop\/index.php\/product\/audio-interfesz-modul-2x2\/"},"modified":"2026-03-11T16:40:45","modified_gmt":"2026-03-11T14:40:45","slug":"audio-interfesz-modul-2x2","status":"publish","type":"product","link":"https:\/\/bpont.hu\/shop\/index.php\/product\/audio-interfesz-modul-2x2\/","title":{"rendered":"PRA-IM2A2<br>Audio interf\u00e9sz modul, 2&#215;2"},"content":{"rendered":"<p>PRA-IM2A2<br \/>\n&#8211; K\u00e9t mikrofon- vagy vonalszint\u0171 audiobemenet h\u00edv\u00e1sokhoz vagy h\u00e1tt\u00e9rzen\u00e9hez<br \/>\n&#8211; K\u00e9t \u00e1ltal\u00e1nos c\u00e9l\u00fa, fel\u00fcgyelt bemenet k\u00fcls\u0151 kapcsol\u00f3kr\u00f3l t\u00f6rt\u00e9n\u0151 vez\u00e9rl\u00e9shez<br \/>\n&#8211; K\u00e9t szimmetrikus vonalszint\u0171 audiokimenet, amelyek z\u00f3n\u00e1khoz rendelhet\u0151k<br \/>\n&#8211; K\u00e9t \u00e1ltal\u00e1nos c\u00e9l\u00fa rel\u00e9 kimenet k\u00fcls\u0151 vez\u00e9rl\u0151\u00e1ramk\u00f6r\u00f6k aktiv\u00e1l\u00e1s\u00e1hoz<br \/>\n&#8211; PoE t\u00e1pell\u00e1t\u00e1s\u00fa eszk\u00f6z kett\u0151s redund\u00e1ns gigabites h\u00e1l\u00f3zati interf\u00e9sszel<\/p>\n<p>A PRA-IM2A2 audiointerf\u00e9sz modul k\u00e9t szimmetrikus anal\u00f3g audiobemenettel \u00e9s -kimenettel b\u0151v\u00edti a PRAESENSA rendszert, k\u00e9t konfigur\u00e1lhat\u00f3 \u00e9s fel\u00fcgyelt vez\u00e9rl\u0151bemenettel \u00e9s fesz\u00fclts\u00e9gmentes vez\u00e9rl\u0151kimenettel kombin\u00e1lva. Az audiobemeneti jelek h\u00edv\u00e1sokhoz \u00e9s h\u00e1tt\u00e9rzenei csatorn\u00e1khoz haszn\u00e1lhat\u00f3k, az egyik vez\u00e9rl\u0151bemeneten kereszt\u00fcl aktiv\u00e1lva. Az audiokimeneti jelek z\u00f3n\u00e1kba ir\u00e1ny\u00edthat\u00f3k k\u00fcls\u0151 er\u0151s\u00edt\u0151k anal\u00f3g bemenetekkel t\u00f6rt\u00e9n\u0151 er\u0151s\u00edt\u00e9shez vagy felv\u00e9teli c\u00e9lokra.<br \/>\nA PRA-IM2A2 h\u00e1z lehet\u0151v\u00e9 teszi a DIN-s\u00ednre t\u00f6rt\u00e9n\u0151 telep\u00edt\u00e9st a kieg\u00e9sz\u00edt\u0151 berendez\u00e9sek k\u00f6zel\u00e9ben r\u00f6vid \u00f6sszek\u00f6ttet\u00e9sek biztos\u00edt\u00e1s\u00e1hoz. A modulnak csak egy OMNEO IP-h\u00e1l\u00f3zathoz kell csatlakoznia Power over Ethernet (PoE) t\u00e1mogat\u00e1ssal a kommunik\u00e1ci\u00f3hoz \u00e9s a t\u00e1pell\u00e1t\u00e1shoz.<\/p>\n","protected":false},"excerpt":{"rendered":"<p>Rendel\u00e9si k\u00f3d: F.01U.389.019<\/p>\n","protected":false},"featured_media":9213,"template":"","meta":[],"product_brand":[],"product_cat":[410],"product_tag":[25],"class_list":{"0":"post-9214","1":"product","2":"type-product","3":"status-publish","4":"has-post-thumbnail","6":"product_cat-praesensa","7":"product_tag-bosch","9":"first","10":"instock","11":"taxable","12":"shipping-taxable","13":"purchasable","14":"product-type-simple"},"jetpack_sharing_enabled":true,"_links":{"self":[{"href":"https:\/\/bpont.hu\/shop\/index.php\/wp-json\/wp\/v2\/product\/9214","targetHints":{"allow":["GET"]}}],"collection":[{"href":"https:\/\/bpont.hu\/shop\/index.php\/wp-json\/wp\/v2\/product"}],"about":[{"href":"https:\/\/bpont.hu\/shop\/index.php\/wp-json\/wp\/v2\/types\/product"}],"version-history":[{"count":1,"href":"https:\/\/bpont.hu\/shop\/index.php\/wp-json\/wp\/v2\/product\/9214\/revisions"}],"predecessor-version":[{"id":9317,"href":"https:\/\/bpont.hu\/shop\/index.php\/wp-json\/wp\/v2\/product\/9214\/revisions\/9317"}],"wp:featuredmedia":[{"embeddable":true,"href":"https:\/\/bpont.hu\/shop\/index.php\/wp-json\/wp\/v2\/media\/9213"}],"wp:attachment":[{"href":"https:\/\/bpont.hu\/shop\/index.php\/wp-json\/wp\/v2\/media?parent=9214"}],"wp:term":[{"taxonomy":"product_brand","embeddable":true,"href":"https:\/\/bpont.hu\/shop\/index.php\/wp-json\/wp\/v2\/product_brand?post=9214"},{"taxonomy":"product_cat","embeddable":true,"href":"https:\/\/bpont.hu\/shop\/index.php\/wp-json\/wp\/v2\/product_cat?post=9214"},{"taxonomy":"product_tag","embeddable":true,"href":"https:\/\/bpont.hu\/shop\/index.php\/wp-json\/wp\/v2\/product_tag?post=9214"}],"curies":[{"name":"wp","href":"https:\/\/api.w.org\/{rel}","templated":true}]}}